{"id":279,"date":"2025-06-30T21:46:12","date_gmt":"2025-06-30T21:46:12","guid":{"rendered":"http:\/\/krolowapolskijanuszkowice.pl\/?page_id=279"},"modified":"2025-06-30T21:47:29","modified_gmt":"2025-06-30T21:47:29","slug":"som","status":"publish","type":"page","link":"http:\/\/krolowapolskijanuszkowice.pl\/?page_id=279","title":{"rendered":"SOM"},"content":{"rendered":"<p style=\"text-align: center;\"><strong>Standardy Ochrony Ma\u0142oletnich<\/strong><\/p>\n<p style=\"text-align: center;\"><strong>do stosowania w parafii p.w. Naj\u015bwi\u0119tszej Maryi Panny Kr\u00f3lowej Polski w Januszkowicach<\/strong><\/p>\n<p style=\"text-align: justify;\">W parafii p.w. <strong>Naj\u015bwi\u0119tszej Maryi Panny Kr\u00f3lowej Polski w Januszkowicach<\/strong>, obowi\u0105zuj\u0105 standardy ochrony ma\u0142oletnich i os\u00f3b prawnie z nimi zr\u00f3wnanych, zgodnie z obowi\u0105zuj\u0105cym prawem pa\u0144stwowym (Ustawa o zmianie ustawy Koreks rodzinny i opieku\u0144czy oraz innych ustaw z dn. 28 lipca 2023 r. \u2013 tzw. \u201eUstawa Kamilka\u201d) i ko\u015bcielnym.<\/p>\n<p style=\"text-align: justify;\"><strong>Standard 1. \u00a0Stworzenie i zachowanie bezpiecznego \u015brodowiska w parafii<\/strong><\/p>\n<ol style=\"text-align: justify;\">\n<li>Polityka ochrony ma\u0142oletnich w parafii dotyczy szczeg\u00f3\u0142owych zasad ich bezpiecze\u0144stwa i\u00a0sposob\u00f3w ochrony, czyli:<\/li>\n<\/ol>\n<ul style=\"text-align: justify;\">\n<li>rekrutacji personelu i os\u00f3b zaanga\u017cowanych duszpastersko w parafii;<\/li>\n<li>bezpiecznych relacji pomi\u0119dzy doros\u0142ymi zatrudnionymi i pomagaj\u0105cymi duszpastersko w parafii a ma\u0142oletnimi;<\/li>\n<li>bezpiecznych relacji pomi\u0119dzy ma\u0142oletnimi;<\/li>\n<li>bezpiecznego korzystania z Internetu i medi\u00f3w elektronicznych;<\/li>\n<li>zasady ochrony wizerunku i danych osobowych;<\/li>\n<li>sposobu reagowania w parafii na przypadki podejrzenia, \u017ce ma\u0142oletni do\u015bwiadcza przemocy fizycznej, psychicznej czy seksualnej i zasad prowadzenia ksi\u0119gi interwencji [por. Standard 2];<\/li>\n<li>pomocy osobom pokrzywdzonym.<\/li>\n<\/ul>\n<ol style=\"text-align: justify;\" start=\"2\">\n<li><em>Standardy<\/em> zatwierdzone i podpisane przez proboszcza\/administratora parafii s\u0105 dost\u0119pne w\u00a0parafii i podane do publicznej wiadomo\u015bci.<\/li>\n<\/ol>\n<p style=\"text-align: justify;\"><strong>Standard 2. \u00a0Weryfikacja, delegowanie i edukacja duchownych, os\u00f3b konsekrowanych <\/strong><strong>i\u00a0\u015bwieckich pracuj\u0105cych z ma\u0142oletnimi w parafii<\/strong><\/p>\n<ol style=\"text-align: justify;\">\n<li>Obowi\u0105zki proboszcza\/administratora parafii<\/li>\n<\/ol>\n<p style=\"text-align: justify;\">Do obowi\u0105zk\u00f3w proboszcza\/administratora parafii nale\u017cy wdra\u017canie w \u017cycie <em>Standard\u00f3w<\/em>. Za niestosowanie <em>Standard\u00f3w<\/em> w parafii odpowiedzialno\u015b\u0107 personalnie ponosi jej proboszcz\/administrator, r\u00f3wnie\u017c wobec prawa.<\/p>\n<p style=\"text-align: justify;\">O ka\u017cdej osobie (r\u00f3wnie\u017c o sobie samym) zaanga\u017cowanej w parafii i maj\u0105cej kontakt z\u00a0ma\u0142oletnimi w obszarze zwi\u0105zanym z wychowaniem, edukacj\u0105, wypoczynkiem, leczeniem, \u015bwiadczeniem porad psychologicznych, rozwojem duchowym, uprawianiem sportu lub realizacj\u0105 innych zainteresowa\u0144 przez ma\u0142oletnich, lub z opiek\u0105 nad nimi proboszcz\/administrator parafii uzyskuje dane z <em>Rejestru Sprawc\u00f3w Przest\u0119pstw na Tle Seksualnym<\/em>; pobiera je osobi\u015bcie przez stron\u0119 internetow\u0105 Ministerstwa Sprawiedliwo\u015bci. Dokument zawieraj\u0105cy informacje z ww. rejestru proboszcz\/administrator parafii przechowuje w wersji papierowej w archiwum parafialnym.<\/p>\n<p style=\"text-align: justify;\">Dodatkowo, przed nawi\u0105zaniem stosunku pracy lub przed dopuszczeniem osoby do dzia\u0142alno\u015bci (np. wolontariackiej) zwi\u0105zanej z wychowaniem, edukacj\u0105, wypoczynkiem, \u015bwiadczeniem porad psychologicznych, rozwojem duchowym, uprawianiem sportu lub realizacj\u0105 innych zainteresowa\u0144 przez ma\u0142oletnich, lub z opiek\u0105 nad nimi proboszcz\/administrator parafii ma obowi\u0105zek uzyskania od tej osoby informacji z\u00a0<em>Krajowego Rejestru Karnego<\/em> w zakresie przest\u0119pstw okre\u015blonych w rozdz. XIX k.k. (przest\u0119pstwa przeciwko \u017cyciu i zdrowiu) i XXV k.k. (przest\u0119pstwa przeciwko wolno\u015bci seksualnej i obyczajowo\u015bci) oraz w zakresie art. 189a k.k. (handel lud\u017ami), art. 207 k.k. (zn\u0119canie si\u0119 nad osob\u0105 najbli\u017csz\u0105 lub pozostaj\u0105c\u0105 w stosunku zale\u017cno\u015bci) oraz przest\u0119pstw z ustawy o przeciwdzia\u0142aniu narkomanii. Je\u017celi taka osoba posiada obywatelstwo inne ni\u017c polskie, powinna wybra\u0107 za\u015bwiadczenie o niekaralno\u015bci z odpowiedniego urz\u0119du kraju, kt\u00f3rego jest obywatelem, je\u017celi za\u015b w ci\u0105gu ostatnich dwudziestu lat zamieszkiwa\u0142a za granic\u0105, powinna z\u0142o\u017cy\u0107 stosowne o\u015bwiadczenie (za\u0142\u0105cznik: <em>O\u015bwiadczenie<\/em>). Orygina\u0142y wy\u017cej wymienionych za\u015bwiadcze\u0144 i o\u015bwiadcze\u0144 nale\u017cy przechowywa\u0107 w archiwum parafialnym w formie papierowej (w przypadku pobrania za\u015bwiadczenia z odpowiedniej instytucji) lub elektronicznej na odpowiednim no\u015bniku danych (w przypadku pobrania za\u015bwiadczenia przez Internet).<\/p>\n<p style=\"text-align: justify;\">Obowi\u0105zkiem proboszcza\/administratora parafii jest r\u00f3wnie\u017c odebranie od ka\u017cdej z os\u00f3b zaanga\u017cowanych w parafii (duchownych i \u015bwieckich) i maj\u0105cych kontakt z ma\u0142oletnimi deklaracji respektowania <em>Standard\u00f3w<\/em> (za\u0142\u0105cznik: <em>Deklaracja<\/em>).<\/p>\n<p style=\"text-align: justify;\">Je\u015bli parafia zatrudnia firmy z zewn\u0105trz lub udost\u0119pnia pomieszczenia podmiotom zewn\u0119trznym, a ich dzia\u0142alno\u015b\u0107 nie obejmuje kontaktu z ma\u0142oletnimi, nale\u017cy zadba\u0107 o to, aby ma\u0142oletni nie przebywali sami w obecno\u015bci os\u00f3b z zewn\u0105trz. Wskazane jest r\u00f3wnie\u017c, aby te osoby lub zarz\u0105dc\u0119 podmiotu zewn\u0119trznego zapozna\u0107 ze <em>Standardami<\/em> a tak\u017ce przyj\u0105\u0107 od nich deklaracj\u0119 respektowania <em>Standard\u00f3w<\/em> (za\u0142\u0105cznik: <em>Deklaracja<\/em>).<\/p>\n<p style=\"text-align: justify;\">Deklaracje respektowania <em>Standard\u00f3w<\/em> nale\u017cy przechowywa\u0107 w archiwum parafialnym.<\/p>\n<p style=\"text-align: justify;\">Ka\u017cda parafia musi posiada\u0107 ksi\u0119g\u0119 interwencji (np. w postaci segregatora), w kt\u00f3rej b\u0119d\u0105 dokumentowane (w formie notatek s\u0142u\u017cbowych) wszelkie podj\u0119te dzia\u0142ania dotycz\u0105ce ochrony oraz interwencji i pomocy. Ksi\u0119g\u0119 interwencji\u00a0 prowadzi si\u0119 zgodnie z zasadami ochrony danych wra\u017cliwych. Notatk\u0105 z ksi\u0119gi interwencji sformu\u0142owan\u0105 wed\u0142ug wytycznych (za\u0142\u0105cznik: <em>Notatka<\/em>) pos\u0142ugujemy si\u0119 np. przy zg\u0142oszeniu sprawy do odpowiednich organ\u00f3w pa\u0144stwowych i ko\u015bcielnych (np. MOPS, prokuratura, ko\u015bcielny delegat ds. ochrony dzieci i m\u0142odzie\u017cy).<\/p>\n<ol style=\"text-align: justify;\" start=\"2\">\n<li>Obowi\u0105zki duszpasterzy dzieci<\/li>\n<\/ol>\n<p style=\"text-align: justify;\">Duszpasterze dzieci powinni:<\/p>\n<ul style=\"text-align: justify;\">\n<li>czuwa\u0107 nad w\u0142asn\u0105 dojrza\u0142o\u015bci\u0105 emocjonaln\u0105, psychiczn\u0105, duchow\u0105;<\/li>\n<li>stara\u0107 si\u0119 o dob\u00f3r wierz\u0105cych, rzetelnych, zweryfikowanych i odpowiednio przeszkolonych os\u00f3b do pe\u0142nienia funkcji animator\u00f3w, wychowawc\u00f3w itd.;<\/li>\n<li>wspiera\u0107 ma\u0142oletnich w ich rozwoju ku dojrza\u0142o\u015bci;<\/li>\n<li>dba\u0107 o respektowanie zasad kultury (wobec ma\u0142oletnich i mi\u0119dzy nimi);<\/li>\n<li>czuwa\u0107 nad r\u00f3wnym traktowaniem wszystkich ma\u0142oletnich, z uwzgl\u0119dnieniem ich szczeg\u00f3lnych potrzeb i osobistych uwarunkowa\u0144;<\/li>\n<li>dba\u0107 o przestrzeganie prawa do nienaruszalno\u015bci cielesnej i prywatno\u015bci;<\/li>\n<li>organizowa\u0107 dzia\u0142ania duszpasterskie w miejscach bezpiecznych;<\/li>\n<li>utrzymywa\u0107 kontakt z rodzicami ma\u0142oletnich;<\/li>\n<li>dba\u0107 o przestrzeganie zasad prywatno\u015bci i ochrony wizerunku oraz danych osobowych ma\u0142oletnich.<\/li>\n<\/ul>\n<p style=\"text-align: justify;\"><strong>Standard 3. \u00a0Spos\u00f3b reagowania na oskar\u017cenia lub niew\u0142a\u015bciwe zachowania<\/strong><\/p>\n<p style=\"text-align: justify;\">W przypadkach przemocy fizycznej, psychicznej b\u0105d\u017a seksualnej, gdy sprawc\u0105 jest osoba doros\u0142a lub ma\u0142oletni, nale\u017cy zg\u0142osi\u0107 ten fakt zgodnie z prawem do organ\u00f3w \u015bcigania lub\/oraz do delegata w\u0142a\u015bciwej instytucji ko\u015bcielnej.<\/p>\n<p style=\"text-align: justify;\">Je\u017celi sprawa dotyczy osoby duchownej oskar\u017conej o niew\u0142a\u015bciwe zachowanie wobec ma\u0142oletniego, nale\u017cy stosowa\u0107 si\u0119 do obowi\u0105zuj\u0105cych w Archidiecezji Wroc\u0142awskiej <em>Wytycznych dotycz\u0105cych ochrony dzieci i m\u0142odzie\u017cy w Archidiecezji Wroc\u0142awskiej <\/em>z dnia 1\u00a0czerwca 2019 r.<\/p>\n<p style=\"text-align: justify;\">Gdy sprawa dotyczy niew\u0142a\u015bciwego zachowania os\u00f3b \u015bwieckich zatrudnionych w parafii b\u0105d\u017a wolontariuszy, spraw\u0119 nale\u017cy zbada\u0107 i podj\u0105\u0107 adekwatne kroki w zale\u017cno\u015bci od tego, czego dotyczy\u0142o to zachowanie. Ka\u017cdorazowo nale\u017cy podj\u0105\u0107 z t\u0105 osob\u0105 rozmow\u0119 i je\u015bli zajdzie taka potrzeba, to okresowo lub stale wycofa\u0107 j\u0105 z pracy duszpasterskiej.<\/p>\n<p style=\"text-align: justify;\">Je\u015bli niew\u0142a\u015bciwe zachowanie dotyczy ma\u0142oletniego, nale\u017cy o tym zawiadomi\u0107 jego rodzic\u00f3w i wraz z nimi podj\u0105\u0107 odpowiednie dzia\u0142ania.<\/p>\n<p style=\"text-align: justify;\">Je\u015bli sprawa dotyczy niew\u0142a\u015bciwych zachowa\u0144 ma\u0142oletnich wobec siebie nawzajem, nale\u017cy niezw\u0142ocznie zawiadomi\u0107 ich rodzic\u00f3w i wraz z nimi podj\u0105\u0107 odpowiednie dzia\u0142ania.<\/p>\n<p style=\"text-align: justify;\">Ka\u017cda informacja o niew\u0142a\u015bciwym zachowaniu powinna by\u0107 traktowana powa\u017cnie, gdy\u017c jest dzia\u0142aniem prewencyjnym.<\/p>\n<p style=\"text-align: justify;\">Je\u015bli jakakolwiek osoba doros\u0142a zaanga\u017cowana w prac\u0119 duszpastersk\u0105 w parafii dowie si\u0119 od ma\u0142oletniego, \u017ce do\u015bwiadcza on przemocy, automatycznie ma obowi\u0105zek zastosowania si\u0119 do art. 304 k.p.k. m\u00f3wi\u0105cego o tym, \u017ce ka\u017cdy, kto dowie si\u0119 o pope\u0142nieniu przest\u0119pstwa \u015bciganego z urz\u0119du, ma spo\u0142eczny obowi\u0105zek zawiadomi\u0107 o tym prokuratora lub policj\u0119.<\/p>\n<p style=\"text-align: justify;\"><strong>Standard 4. \u00a0Zapewnienie opieki i wsparcia osobom skrzywdzonym<\/strong><\/p>\n<p style=\"text-align: justify;\">Ka\u017cda osoba, kt\u00f3ra m\u00f3wi o do\u015bwiadczanej przez siebie krzywdzie, winna zosta\u0107 przyj\u0119ta z\u00a0szacunkiem i uwa\u017cnie wys\u0142uchana.<\/p>\n<p style=\"text-align: justify;\">Osoba skrzywdzona powinna otrzyma\u0107 informacj\u0119 o mo\u017cliwych formach pomocy, z kt\u00f3rej mo\u017ce skorzysta\u0107 na terenie parafii lub poza ni\u0105.<\/p>\n<p style=\"text-align: justify;\">Troska duszpasterska wobec osoby skrzywdzonej i jej bliskich polega przede wszystkim na \u017cyczliwym wys\u0142uchaniu i pomocy w odbudowaniu jej wi\u0119zi z Bogiem i zaufania do Ko\u015bcio\u0142a i\u00a0jest podejmowana w porozumieniu z diecezjalnym duszpasterzem ds. pomocy duchowej osobom skrzywdzonym.<\/p>\n<p style=\"text-align: justify;\">Je\u015bli osob\u0105 skrzywdzon\u0105 jest ma\u0142oletni, pomoc powinna otrzyma\u0107 r\u00f3wnie\u017c jego rodzina.<\/p>\n<p style=\"text-align: justify;\">Je\u015bli zg\u0142oszenie dotyczy przest\u0119pstwa okre\u015blonego w prawie karnym i\/lub kanonicznym, osoba przyjmuj\u0105ca zg\u0142oszenie post\u0119puje zgodnie z odpowiednimi procedurami okre\u015blonymi przez prawo \u015bwieckie i ko\u015bcielne.<\/p>\n<p style=\"text-align: justify;\">Wszelkie dzia\u0142ania i uzyskane informacje obj\u0119te s\u0105 zasad\u0105 poufno\u015bci, ale osoby skrzywdzonej nie wolno zobowi\u0105zywa\u0107 do zachowania tajemnicy.<\/p>\n<p style=\"text-align: justify;\"><strong>Standard 5. \u00a0\u00a0Spos\u00f3b post\u0119powania z podejrzanymi i oskar\u017conymi o wykorzystanie <\/strong><strong>seksualne lub przemoc<\/strong><\/p>\n<p style=\"text-align: justify;\">Do parafii mog\u0105 nale\u017ce\u0107 osoby, kt\u00f3re s\u0105 podejrzane lub oskar\u017cone o r\u00f3\u017cne przest\u0119pstwa b\u0105d\u017a maj\u0105 wyrok w zawieszeniu, czy te\u017c wr\u00f3ci\u0142y do \u015brodowiska po odbytym wyroku. Nie powinny one pracowa\u0107 z ma\u0142oletnimi, natomiast powinny zosta\u0107 obj\u0119te opiek\u0105 duszpastersk\u0105.<\/p>\n<p style=\"text-align: justify;\">Gdy osob\u0105 podejrzan\u0105 lub oskar\u017con\u0105 o przemoc fizyczn\u0105, psychiczn\u0105 lub seksualn\u0105 wobec ma\u0142oletniego jest pracownik lub wolontariusz parafialny, nale\u017cy odsun\u0105\u0107 tak\u0105 osob\u0119 od podejmowanej pracy zwi\u0105zanej z kontaktem z ma\u0142oletnimi na czas wyja\u015bnienia sprawy lub do czasu decyzji prokuratury oraz obj\u0105\u0107 j\u0105 stosown\u0105 opiek\u0105 (psychologiczn\u0105, duszpastersk\u0105).<\/p>\n<p style=\"text-align: justify;\">W procesie wyja\u015bniania sprawy oraz w podawaniu informacji nale\u017cy r\u00f3wnie\u017c zadba\u0107 o\u00a0zachowanie ochrony dobrego imienia domniemanego sprawcy.<\/p>\n<p style=\"text-align: justify;\"><strong>Standard 6. \u00a0Zasady chroni\u0105ce ma\u0142oletnich w obszarze parafialnym<\/strong><\/p>\n<ol style=\"text-align: justify;\">\n<li>Zasady chroni\u0105ce w kontakcie bezpo\u015brednim<\/li>\n<\/ol>\n<ul style=\"text-align: justify;\">\n<li>wszystkie spotkania z ma\u0142oletnimi na terenie parafii powinny by\u0107 organizowane w\u00a0miejscach oficjalnych, og\u00f3lnodost\u0119pnych i do tego przygotowanych;<\/li>\n<li>nie mo\u017cna przebywa\u0107 z ma\u0142oletnim sam na sam w warunkach odizolowanych; je\u017celi dobro dziecka wymaga indywidualnego spotkania, nie mo\u017ce si\u0119 ono odbywa\u0107 w sekrecie (zalecane powiadomienie rodzic\u00f3w lub prze\u0142o\u017conego) i w warunkach odizolowanych; indywidualnych spotka\u0144 z ma\u0142oletnimi nie wolno w nieroztropny spos\u00f3b mno\u017cy\u0107 ani przed\u0142u\u017ca\u0107; spotkania takie nie powinny odbywa\u0107 si\u0119 w p\u00f3\u017anych godzinach wieczornych lub noc\u0105;<\/li>\n<li>ma\u0142oletni nie mog\u0105 przebywa\u0107 w parafialnych pomieszczeniach mieszkalnych bez opieki rodzica lub opiekuna prawnego;<\/li>\n<li>ma\u0142oletni powinni zawsze pozostawa\u0107 pod opiek\u0105 osoby doros\u0142ej; podczas pe\u0142nienia funkcji wychowawczych opiekunowie nie mog\u0105 pozostawa\u0107 pod wp\u0142ywem alkoholu lub substancji psychoaktywnych ani przyjmowa\u0107 ich w obecno\u015bci ma\u0142oletnich;<\/li>\n<li>ma\u0142oletni na terenie parafii nie mog\u0105 przebywa\u0107 pod wy\u0142\u0105czn\u0105 opiek\u0105 innego ma\u0142oletniego, chyba \u017ce inaczej stanowi\u0105 regulaminy religijnych ruch\u00f3w duszpasterstwa pozaparafialnego, np. Ruchu \u015awiat\u0142o-\u017bycie, KSM, w tym wypadku stosuje si\u0119 standardy opracowane przez te grupy; osoby te powinny by\u0107 odpowiednio uformowane, przygotowane i pe\u0142ni\u0107 pos\u0142ug\u0119 pod okiem doros\u0142ych;<\/li>\n<li>nie nale\u017cy przewozi\u0107 ma\u0142oletnich prywatnymi samochodami, zw\u0142aszcza w pojedynk\u0119, bez wiedzy i wyra\u017anej zgody rodzic\u00f3w lub opiekun\u00f3w prawnych;<\/li>\n<li>nie wolno dotyka\u0107 dzieci wbrew ich woli ani w spos\u00f3b nieadekwatny do relacji duszpasterskich lub wychowawczych;<\/li>\n<li>ma\u0142oletnim nie wolno robi\u0107 zdj\u0119\u0107 lub filmowa\u0107 bez ich zgody; nie wolno upublicznia\u0107 zdj\u0119\u0107, film\u00f3w z udzia\u0142em ma\u0142oletnich bez pisemnej zgody ich rodzic\u00f3w lub opiekun\u00f3w prawnych, z wyj\u0105tkiem zdj\u0119\u0107 du\u017cych grup w miejscach publicznych (np. grupowe zdj\u0119cie z I Komunii \u015bwi\u0119tej czy bierzmowania).<\/li>\n<li>kontakt duszpasterza z ma\u0142oletnimi za pomoc\u0105 telefonu, mailowo lub za po\u015brednictwem r\u00f3\u017cnego rodzaju komunikator\u00f3w (Messenger, Facebook, Instagram etc.) mo\u017ce dotyczy\u0107 wy\u0142\u0105cznie kwestii duszpasterskich. Zaleca si\u0119, by odbywa\u0142 si\u0119 on z u\u017cyciem telefonu lub konta parafialnego (tj. s\u0142u\u017cbowego). Kontakt z ma\u0142oletnimi z u\u017cyciem prywatnego telefonu lub konta duszpasterza powinien ograniczy\u0107 si\u0119 do komunikacji w ramach utworzonych grup (gdy w konwersacji uczestniczy wi\u0119cej os\u00f3b).<\/li>\n<\/ul>\n<ol style=\"text-align: justify;\" start=\"2\">\n<li>Zasady ochrony dotycz\u0105ce wyjazd\u00f3w<\/li>\n<\/ol>\n<p style=\"text-align: justify;\">Obowi\u0105zuj\u0105 zasady przyj\u0119te w Instrukcji <em>Wytyczne dotycz\u0105ce ochrony dzieci i m\u0142odzie\u017cy w\u00a0Archidiecezji Wroc\u0142awskiej<\/em> z dnia 1 czerwca 2019 r.<\/p>\n<ol style=\"text-align: justify;\" start=\"3\">\n<li>Zasady ochrony dotycz\u0105ce kontakt\u00f3w przez media oraz udost\u0119pniania z Internetu<\/li>\n<\/ol>\n<p style=\"text-align: justify;\">Obowi\u0105zuj\u0105 zasady przyj\u0119te w Instrukcji <em>Wytyczne dotycz\u0105ce ochrony dzieci i m\u0142odzie\u017cy w\u00a0Archidiecezji Wroc\u0142awskiej<\/em> z dnia 1 czerwca 2019 r.<\/p>\n<p style=\"text-align: justify;\"><strong>Standard 7. \u00a0Zapewnienie jako\u015bci i ci\u0105g\u0142o\u015bci dzia\u0142a\u0144 w zakresie prewencji<\/strong><\/p>\n<p style=\"text-align: justify;\">Pracownicy i wolontariusze pe\u0142ni\u0105cy funkcje wychowawcze lub formacyjne musz\u0105 by\u0107 zaznajomieni ze <em>Standardami<\/em> obowi\u0105zuj\u0105cych w parafii. Powinni tak\u017ce posiada\u0107 zaktualizowan\u0105 wiedz\u0119 dotycz\u0105c\u0105:<\/p>\n<ul style=\"text-align: justify;\">\n<li>rodzaj\u00f3w przemocy (fizycznej, psychicznej i seksualnej);<\/li>\n<li>rozpoznawania oznak przemocy (w tym wykorzystania seksualnego);<\/li>\n<li>strategii dzia\u0142ania sprawc\u00f3w przemocy (w tym przemocy seksualnej);<\/li>\n<li>prowadzenia rozmowy na temat doznanej krzywdy;<\/li>\n<li>zagro\u017ce\u0144 i ochrony przed szkodliwymi tre\u015bciami w Internecie.<\/li>\n<\/ul>\n<p style=\"text-align: justify;\">Dokument zawieraj\u0105cy obowi\u0105zuj\u0105ce w parafii <em>Standardy<\/em> nale\u017cy aktualizowa\u0107 co dwa lata.<\/p>\n<p style=\"text-align: justify;\">Ewaluacja dokumentu dokonywana jest przez proboszcza\/administratora parafii.<\/p>\n","protected":false},"excerpt":{"rendered":"<p>Standardy Ochrony Ma\u0142oletnich do stosowania w parafii p.w. Naj\u015bwi\u0119tszej Maryi Panny Kr\u00f3lowej Polski w Januszkowicach W parafii p.w. Naj\u015bwi\u0119tszej Maryi Panny Kr\u00f3lowej Polski w Januszkowicach, obowi\u0105zuj\u0105 standardy ochrony ma\u0142oletnich i os\u00f3b prawnie z nimi zr\u00f3wnanych, zgodnie z obowi\u0105zuj\u0105cym prawem pa\u0144stwowym (Ustawa o zmianie ustawy Koreks rodzinny i opieku\u0144czy oraz innych ustaw z dn. 28 lipca [&hellip;]<\/p>\n","protected":false},"author":1,"featured_media":0,"parent":0,"menu_order":0,"comment_status":"closed","ping_status":"closed","template":"","meta":{"footnotes":""},"class_list":["post-279","page","type-page","status-publish","hentry","post-preview"],"_links":{"self":[{"href":"http:\/\/krolowapolskijanuszkowice.pl\/index.php?rest_route=\/wp\/v2\/pages\/279","targetHints":{"allow":["GET"]}}],"collection":[{"href":"http:\/\/krolowapolskijanuszkowice.pl\/index.php?rest_route=\/wp\/v2\/pages"}],"about":[{"href":"http:\/\/krolowapolskijanuszkowice.pl\/index.php?rest_route=\/wp\/v2\/types\/page"}],"author":[{"embeddable":true,"href":"http:\/\/krolowapolskijanuszkowice.pl\/index.php?rest_route=\/wp\/v2\/users\/1"}],"replies":[{"embeddable":true,"href":"http:\/\/krolowapolskijanuszkowice.pl\/index.php?rest_route=%2Fwp%2Fv2%2Fcomments&post=279"}],"version-history":[{"count":2,"href":"http:\/\/krolowapolskijanuszkowice.pl\/index.php?rest_route=\/wp\/v2\/pages\/279\/revisions"}],"predecessor-version":[{"id":282,"href":"http:\/\/krolowapolskijanuszkowice.pl\/index.php?rest_route=\/wp\/v2\/pages\/279\/revisions\/282"}],"wp:attachment":[{"href":"http:\/\/krolowapolskijanuszkowice.pl\/index.php?rest_route=%2Fwp%2Fv2%2Fmedia&parent=279"}],"curies":[{"name":"wp","href":"https:\/\/api.w.org\/{rel}","templated":true}]}}